{"id":805,"date":"2020-06-21T12:51:56","date_gmt":"2020-06-21T12:51:56","guid":{"rendered":"https:\/\/inclusivecourts.pt\/?page_id=805"},"modified":"2020-06-21T13:21:02","modified_gmt":"2020-06-21T13:21:02","slug":"noticia16","status":"publish","type":"page","link":"https:\/\/inclusivecourts.pt\/en\/noticia16\/","title":{"rendered":"Patr\u00edcia Jer\u00f3nimo chairs debate on migration and asylum in Europe"},"content":{"rendered":"<div data-elementor-type=\"wp-page\" data-elementor-id=\"805\" class=\"elementor elementor-805\" data-elementor-post-type=\"page\">\n\t\t\t\t\t\t<section class=\"elementor-section elementor-top-section elementor-element elementor-element-b3b27e8 elementor-section-boxed elementor-section-height-default elementor-section-height-default\" data-id=\"b3b27e8\" data-element_type=\"section\" data-e-type=\"section\">\n\t\t\t\t\t\t<div class=\"elementor-container elementor-column-gap-default\">\n\t\t\t\t\t<div class=\"elementor-column elementor-col-100 elementor-top-column elementor-element elementor-element-950192f\" data-id=\"950192f\" data-element_type=\"column\" data-e-type=\"column\">\n\t\t\t<div class=\"elementor-widget-wrap elementor-element-populated\">\n\t\t\t\t\t\t<div class=\"elementor-element elementor-element-6ffdbba elementor-widget elementor-widget-text-editor\" data-id=\"6ffdbba\" data-element_type=\"widget\" data-e-type=\"widget\" data-widget_type=\"text-editor.default\">\n\t\t\t\t<div class=\"elementor-widget-container\">\n\t\t\t\t\t\t\t\t\t<p><strong>A convite da Associa\u00e7\u00e3o de Estudantes da Universidade do Minho, Patr\u00edcia Jer\u00f3nimo interveio como moderadora no painel intitulado \u201cA Europa como Ref\u00fagio\u201d.<\/strong><\/p>\t\t\t\t\t\t\t\t<\/div>\n\t\t\t\t<\/div>\n\t\t\t\t<div class=\"elementor-element elementor-element-452dbed elementor-widget elementor-widget-text-editor\" data-id=\"452dbed\" data-element_type=\"widget\" data-e-type=\"widget\" data-widget_type=\"text-editor.default\">\n\t\t\t\t<div class=\"elementor-widget-container\">\n\t\t\t\t\t\t\t\t\t<p>A convite da Associa\u00e7\u00e3o de Estudantes da Universidade do Minho, Patr\u00edcia Jer\u00f3nimo interveio como moderadora no painel intitulado \u201cA Europa como Ref\u00fagio\u201d, integrado na <em>web series<\/em> <em>Social Days + for +<\/em>, which was broadcast between the 3rd and the 5th of June 2020. The guest speakers in the panel were Shadi Al Akhami, Yasmine Ouirhrane and Mariana Coutinho.<\/p><p>The video of the presentation is available at<\/p><p><a href=\"https:\/\/pt-pt.facebook.com\/aauminho\/videos\/710040603176161\/\">https:\/\/pt-pt.facebook.com\/aauminho\/videos\/710040603176161\/<\/a><\/p>\t\t\t\t\t\t\t\t<\/div>\n\t\t\t\t<\/div>\n\t\t\t\t<section class=\"elementor-section elementor-inner-section elementor-element elementor-element-fa5e046 elementor-section-boxed elementor-section-height-default elementor-section-height-default\" data-id=\"fa5e046\" data-element_type=\"section\" data-e-type=\"section\">\n\t\t\t\t\t\t<div class=\"elementor-container elementor-column-gap-default\">\n\t\t\t\t\t<div class=\"elementor-column elementor-col-100 elementor-inner-column elementor-element elementor-element-e78e9d9 elementor-invisible\" data-id=\"e78e9d9\" data-element_type=\"column\" data-e-type=\"column\" data-settings=\"{&quot;animation&quot;:&quot;fadeInDown&quot;}\">\n\t\t\t<div class=\"elementor-widget-wrap elementor-element-populated\">\n\t\t\t\t\t\t<div class=\"elementor-element elementor-element-3206b8e elementor-widget elementor-widget-image\" data-id=\"3206b8e\" data-element_type=\"widget\" data-e-type=\"widget\" data-settings=\"{&quot;_animation&quot;:&quot;none&quot;}\" data-widget_type=\"image.default\">\n\t\t\t\t<div class=\"elementor-widget-container\">\n\t\t\t\t\t\t\t\t\t\t\t\t\t\t\t<img fetchpriority=\"high\" decoding=\"async\" width=\"768\" height=\"432\" src=\"https:\/\/inclusivecourts.pt\/wp-content\/uploads\/2020\/06\/DiasSociaispor-768x432.png\" class=\"elementor-animation-grow attachment-medium_large size-medium_large wp-image-807\" alt=\"\" srcset=\"https:\/\/inclusivecourts.pt\/wp-content\/uploads\/2020\/06\/DiasSociaispor-768x432.png 768w, https:\/\/inclusivecourts.pt\/wp-content\/uploads\/2020\/06\/DiasSociaispor-300x169.png 300w, https:\/\/inclusivecourts.pt\/wp-content\/uploads\/2020\/06\/DiasSociaispor-1024x576.png 1024w, https:\/\/inclusivecourts.pt\/wp-content\/uploads\/2020\/06\/DiasSociaispor-1536x864.png 1536w, https:\/\/inclusivecourts.pt\/wp-content\/uploads\/2020\/06\/DiasSociaispor-1140x641.png 1140w, https:\/\/inclusivecourts.pt\/wp-content\/uploads\/2020\/06\/DiasSociaispor.png 1920w\" sizes=\"(max-width: 768px) 100vw, 768px\" \/>\t\t\t\t\t\t\t\t\t\t\t\t\t\t\t<\/div>\n\t\t\t\t<\/div>\n\t\t\t\t\t<\/div>\n\t\t<\/div>\n\t\t\t\t\t<\/div>\n\t\t<\/section>\n\t\t\t\t\t<\/div>\n\t\t<\/div>\n\t\t\t\t\t<\/div>\n\t\t<\/section>\n\t\t\t\t<\/div>","protected":false},"excerpt":{"rendered":"<p>A convite da Associa\u00e7\u00e3o de Estudantes da Universidade do Minho, Patr\u00edcia Jer\u00f3nimo interveio como moderadora no painel intitulado \u201cA Europa como Ref\u00fagio\u201d. A convite da Associa\u00e7\u00e3o de Estudantes da Universidade do Minho, Patr\u00edcia Jer\u00f3nimo interveio como moderadora no painel intitulado \u201cA Europa como Ref\u00fagio\u201d, integrado na web series Dias Sociais + por +, que decorreu&hellip;<\/p>","protected":false},"author":1,"featured_media":0,"parent":0,"menu_order":0,"comment_status":"closed","ping_status":"closed","template":"","meta":{"footnotes":""},"class_list":["post-805","page","type-page","status-publish","hentry"],"_links":{"self":[{"href":"https:\/\/inclusivecourts.pt\/en\/wp-json\/wp\/v2\/pages\/805","targetHints":{"allow":["GET"]}}],"collection":[{"href":"https:\/\/inclusivecourts.pt\/en\/wp-json\/wp\/v2\/pages"}],"about":[{"href":"https:\/\/inclusivecourts.pt\/en\/wp-json\/wp\/v2\/types\/page"}],"author":[{"embeddable":true,"href":"https:\/\/inclusivecourts.pt\/en\/wp-json\/wp\/v2\/users\/1"}],"replies":[{"embeddable":true,"href":"https:\/\/inclusivecourts.pt\/en\/wp-json\/wp\/v2\/comments?post=805"}],"version-history":[{"count":0,"href":"https:\/\/inclusivecourts.pt\/en\/wp-json\/wp\/v2\/pages\/805\/revisions"}],"wp:attachment":[{"href":"https:\/\/inclusivecourts.pt\/en\/wp-json\/wp\/v2\/media?parent=805"}],"curies":[{"name":"wp","href":"https:\/\/api.w.org\/{rel}","templated":true}]}}