{"id":3161,"date":"2025-03-24T14:13:38","date_gmt":"2025-03-24T14:13:38","guid":{"rendered":"https:\/\/inclusivecourts.pt\/?page_id=3161"},"modified":"2025-03-24T16:32:19","modified_gmt":"2025-03-24T16:32:19","slug":"noticia98","status":"publish","type":"page","link":"https:\/\/inclusivecourts.pt\/en\/noticia98\/","title":{"rendered":"Workshop on postcolonial transformations in Portugal and Lusophone Africa"},"content":{"rendered":"<div data-elementor-type=\"wp-page\" data-elementor-id=\"3161\" class=\"elementor elementor-3161\" data-elementor-post-type=\"page\">\n\t\t\t\t\t\t<section class=\"elementor-section elementor-top-section elementor-element elementor-element-b3b27e8 elementor-section-boxed elementor-section-height-default elementor-section-height-default\" data-id=\"b3b27e8\" data-element_type=\"section\" data-e-type=\"section\">\n\t\t\t\t\t\t<div class=\"elementor-container elementor-column-gap-default\">\n\t\t\t\t\t<div class=\"elementor-column elementor-col-100 elementor-top-column elementor-element elementor-element-950192f\" data-id=\"950192f\" data-element_type=\"column\" data-e-type=\"column\">\n\t\t\t<div class=\"elementor-widget-wrap elementor-element-populated\">\n\t\t\t\t\t\t<div class=\"elementor-element elementor-element-6ffdbba elementor-widget elementor-widget-text-editor\" data-id=\"6ffdbba\" data-element_type=\"widget\" data-e-type=\"widget\" data-widget_type=\"text-editor.default\">\n\t\t\t\t<div class=\"elementor-widget-container\">\n\t\t\t\t\t\t\t\t\t<p><strong>Workshop on postcolonial transformations in Portugal and Lusophone Africa<\/strong><\/p>\t\t\t\t\t\t\t\t<\/div>\n\t\t\t\t<\/div>\n\t\t\t\t<div class=\"elementor-element elementor-element-452dbed elementor-widget elementor-widget-text-editor\" data-id=\"452dbed\" data-element_type=\"widget\" data-e-type=\"widget\" data-widget_type=\"text-editor.default\">\n\t\t\t\t<div class=\"elementor-widget-container\">\n\t\t\t\t\t\t\t\t\t<p>Os coordenadores do livro <em>Postcolonial Transformations in Portugal and Lusophone Africa <\/em>(no prelo) \u2013 Olukunle P. Owolabi (Villanova University) e Tiago Fernandes (ISCTE) \u2013 organizaram, no dia 21 de mar\u00e7o de 2025, um workshop para apresenta\u00e7\u00e3o e discuss\u00e3o dos diferentes cap\u00edtulos do livro. Patr\u00edcia Jer\u00f3nimo apresentou o cap\u00edtulo da sua autoria, intitulado \u201cCitizenship, immigration and diversity in democratic Portugal: A success story?\u201d. O workshop decorreu online e contou com a participa\u00e7\u00e3o, entre outros, de Joshua Forrest (La Roche University), Mark Beissinger (Princeton University), Nancy Bermeo (Princeton University), Jose Resende-Santos (Bentley University), Lisa Akesson (Gothenburg University) e Michael Coppedge (Notre Dame).<\/p>\t\t\t\t\t\t\t\t<\/div>\n\t\t\t\t<\/div>\n\t\t\t\t<section class=\"elementor-section elementor-inner-section elementor-element elementor-element-fa5e046 elementor-section-boxed elementor-section-height-default elementor-section-height-default\" data-id=\"fa5e046\" data-element_type=\"section\" data-e-type=\"section\">\n\t\t\t\t\t\t<div class=\"elementor-container elementor-column-gap-default\">\n\t\t\t\t\t<div class=\"elementor-column elementor-col-100 elementor-inner-column elementor-element elementor-element-e78e9d9 elementor-invisible\" data-id=\"e78e9d9\" data-element_type=\"column\" data-e-type=\"column\" data-settings=\"{&quot;animation&quot;:&quot;fadeInDown&quot;}\">\n\t\t\t<div class=\"elementor-widget-wrap elementor-element-populated\">\n\t\t\t\t\t\t<div class=\"elementor-element elementor-element-3206b8e elementor-widget elementor-widget-image\" data-id=\"3206b8e\" data-element_type=\"widget\" data-e-type=\"widget\" data-settings=\"{&quot;_animation&quot;:&quot;none&quot;}\" data-widget_type=\"image.default\">\n\t\t\t\t<div class=\"elementor-widget-container\">\n\t\t\t\t\t\t\t\t\t\t\t\t\t\t\t<img fetchpriority=\"high\" decoding=\"async\" width=\"768\" height=\"432\" src=\"https:\/\/inclusivecourts.pt\/wp-content\/uploads\/2025\/03\/imagem-noticia-2-768x432.jpg\" class=\"elementor-animation-grow attachment-medium_large size-medium_large wp-image-3163\" alt=\"\" srcset=\"https:\/\/inclusivecourts.pt\/wp-content\/uploads\/2025\/03\/imagem-noticia-2-768x432.jpg 768w, https:\/\/inclusivecourts.pt\/wp-content\/uploads\/2025\/03\/imagem-noticia-2-300x169.jpg 300w, https:\/\/inclusivecourts.pt\/wp-content\/uploads\/2025\/03\/imagem-noticia-2-1024x576.jpg 1024w, https:\/\/inclusivecourts.pt\/wp-content\/uploads\/2025\/03\/imagem-noticia-2-1536x864.jpg 1536w, https:\/\/inclusivecourts.pt\/wp-content\/uploads\/2025\/03\/imagem-noticia-2-18x10.jpg 18w, https:\/\/inclusivecourts.pt\/wp-content\/uploads\/2025\/03\/imagem-noticia-2-1140x641.jpg 1140w, https:\/\/inclusivecourts.pt\/wp-content\/uploads\/2025\/03\/imagem-noticia-2.jpg 1920w\" sizes=\"(max-width: 768px) 100vw, 768px\" \/>\t\t\t\t\t\t\t\t\t\t\t\t\t\t\t<\/div>\n\t\t\t\t<\/div>\n\t\t\t\t\t<\/div>\n\t\t<\/div>\n\t\t\t\t\t<\/div>\n\t\t<\/section>\n\t\t\t\t\t<\/div>\n\t\t<\/div>\n\t\t\t\t\t<\/div>\n\t\t<\/section>\n\t\t\t\t<\/div>","protected":false},"excerpt":{"rendered":"<p>Workshop sobre transforma\u00e7\u00f5es p\u00f3s-coloniais em Portugal e na \u00c1frica Lus\u00f3fona Os coordenadores do livro Postcolonial Transformations in Portugal and Lusophone Africa (no prelo) \u2013 Olukunle P. Owolabi (Villanova University) e Tiago Fernandes (ISCTE) \u2013 organizaram, no dia 21 de mar\u00e7o de 2025, um workshop para apresenta\u00e7\u00e3o e discuss\u00e3o dos diferentes cap\u00edtulos do livro. Patr\u00edcia Jer\u00f3nimo&hellip;<\/p>","protected":false},"author":1,"featured_media":0,"parent":0,"menu_order":0,"comment_status":"closed","ping_status":"closed","template":"","meta":{"footnotes":""},"class_list":["post-3161","page","type-page","status-publish","hentry"],"_links":{"self":[{"href":"https:\/\/inclusivecourts.pt\/en\/wp-json\/wp\/v2\/pages\/3161","targetHints":{"allow":["GET"]}}],"collection":[{"href":"https:\/\/inclusivecourts.pt\/en\/wp-json\/wp\/v2\/pages"}],"about":[{"href":"https:\/\/inclusivecourts.pt\/en\/wp-json\/wp\/v2\/types\/page"}],"author":[{"embeddable":true,"href":"https:\/\/inclusivecourts.pt\/en\/wp-json\/wp\/v2\/users\/1"}],"replies":[{"embeddable":true,"href":"https:\/\/inclusivecourts.pt\/en\/wp-json\/wp\/v2\/comments?post=3161"}],"version-history":[{"count":4,"href":"https:\/\/inclusivecourts.pt\/en\/wp-json\/wp\/v2\/pages\/3161\/revisions"}],"predecessor-version":[{"id":3166,"href":"https:\/\/inclusivecourts.pt\/en\/wp-json\/wp\/v2\/pages\/3161\/revisions\/3166"}],"wp:attachment":[{"href":"https:\/\/inclusivecourts.pt\/en\/wp-json\/wp\/v2\/media?parent=3161"}],"curies":[{"name":"wp","href":"https:\/\/api.w.org\/{rel}","templated":true}]}}