{"id":1507,"date":"2021-11-09T12:31:27","date_gmt":"2021-11-09T12:31:27","guid":{"rendered":"https:\/\/inclusivecourts.pt\/?page_id=1507"},"modified":"2025-04-02T13:05:52","modified_gmt":"2025-04-02T13:05:52","slug":"publicacoes-projeto-livros","status":"publish","type":"page","link":"https:\/\/inclusivecourts.pt\/en\/publicacoes-projeto-livros\/","title":{"rendered":"Publications - Project - Books"},"content":{"rendered":"\t\t<div data-elementor-type=\"wp-page\" data-elementor-id=\"1507\" class=\"elementor elementor-1507\" data-elementor-post-type=\"page\">\n\t\t\t\t\t\t<section class=\"elementor-section elementor-top-section elementor-element elementor-element-46c794a6 elementor-section-boxed elementor-section-height-default elementor-section-height-default\" data-id=\"46c794a6\" data-element_type=\"section\" data-e-type=\"section\">\n\t\t\t\t\t\t<div class=\"elementor-container elementor-column-gap-default\">\n\t\t\t\t\t<div class=\"elementor-column elementor-col-100 elementor-top-column elementor-element elementor-element-2719d57\" data-id=\"2719d57\" data-element_type=\"column\" data-e-type=\"column\">\n\t\t\t<div class=\"elementor-widget-wrap elementor-element-populated\">\n\t\t\t\t\t\t<div class=\"elementor-element elementor-element-3c428c0e elementor-widget elementor-widget-text-editor\" data-id=\"3c428c0e\" data-element_type=\"widget\" data-e-type=\"widget\" data-widget_type=\"text-editor.default\">\n\t\t\t\t<div class=\"elementor-widget-container\">\n\t\t\t\t\t\t\t\t\t<p>Livros e cap\u00edtulos de livros publicados no \u00e2mbito do projeto InclusiveCourts.<\/p>\t\t\t\t\t\t\t\t<\/div>\n\t\t\t\t<\/div>\n\t\t\t\t<div class=\"elementor-element elementor-element-b8c0d36 elementor-icon-list--layout-traditional elementor-list-item-link-full_width elementor-widget elementor-widget-icon-list\" data-id=\"b8c0d36\" data-element_type=\"widget\" data-e-type=\"widget\" data-widget_type=\"icon-list.default\">\n\t\t\t\t<div class=\"elementor-widget-container\">\n\t\t\t\t\t\t\t<ul class=\"elementor-icon-list-items\">\n\t\t\t\t\t\t\t<li class=\"elementor-icon-list-item\">\n\t\t\t\t\t\t\t\t\t\t\t<a href=\"https:\/\/tienda.wolterskluwer.es\/p\/los-conflictos-de-derecho-de-familia-desde-la-justicia-terapeutica\" target=\"_blank\">\n\n\t\t\t\t\t\t\t\t\t\t\t\t<span class=\"elementor-icon-list-icon\">\n\t\t\t\t\t\t\t<i aria-hidden=\"true\" class=\"fas fa-book-open\"><\/i>\t\t\t\t\t\t<\/span>\n\t\t\t\t\t\t\t\t\t\t<span class=\"elementor-icon-list-text\">Dias, Cristina, \u201cEjercicio conjunto de las responsabilidades parentales en casos de divorcio o ruptura de la uni\u00f3n de hecho y resid\u00eancia alterna\u201d [Joint exercise of parental responsibilities in case of divorce, separation and alternate residence], in Esther Pillado Gonz\u00e1lez (dir.) e Lydia Noriega Rodr\u00edguez (coord.), Los conflictos de Derecho de Familia desde la Justicia Terap\u00e9utica, Madrid, Wolters Kluwer, 2020.<\/span>\n\t\t\t\t\t\t\t\t\t\t\t<\/a>\n\t\t\t\t\t\t\t\t\t<\/li>\n\t\t\t\t\t\t\t\t<li class=\"elementor-icon-list-item\">\n\t\t\t\t\t\t\t\t\t\t\t<a href=\"http:\/\/inclusivecourts.pt\/wp-content\/uploads\/2020\/04\/FREITAS-Pedro-Miguel-Da-circuncis\u00e3o-feminina....pdf\" target=\"_blank\">\n\n\t\t\t\t\t\t\t\t\t\t\t\t<span class=\"elementor-icon-list-icon\">\n\t\t\t\t\t\t\t<i aria-hidden=\"true\" class=\"fas fa-book-open\"><\/i>\t\t\t\t\t\t<\/span>\n\t\t\t\t\t\t\t\t\t\t<span class=\"elementor-icon-list-text\">Freitas, Pedro Miguel, \u201cDa circuncis\u00e3o feminina (mutila\u00e7\u00e3o genital feminina) \u00e0 circuncis\u00e3o masculina\u201d [From female circumcision (FGM) to male circumcision], in Patr\u00edcia Jer\u00f3nimo (coord.), Igualdade de G\u00e9nero: Velhos e Novos Desafios, Braga, DH-CII, 2019, pp. 81-97. <\/span>\n\t\t\t\t\t\t\t\t\t\t\t<\/a>\n\t\t\t\t\t\t\t\t\t<\/li>\n\t\t\t\t\t\t\t\t<li class=\"elementor-icon-list-item\">\n\t\t\t\t\t\t\t\t\t\t\t<a href=\"https:\/\/link.springer.com\/chapter\/10.1007\/978-3-030-13077-0_5\" target=\"_blank\">\n\n\t\t\t\t\t\t\t\t\t\t\t\t<span class=\"elementor-icon-list-icon\">\n\t\t\t\t\t\t\t<i aria-hidden=\"true\" class=\"fas fa-book-open\"><\/i>\t\t\t\t\t\t<\/span>\n\t\t\t\t\t\t\t\t\t\t<span class=\"elementor-icon-list-text\">Gomes, S\u00edlvia, \u201cPrison, ethnicities and State: Establishing theoretical and empirical connections\u201d, in Maria Jo\u00e3o Guia e S\u00edlvia Gomes (eds.), Prisons, State and Violence, Nova Iorque, Springer, 2019, pp. 49-69.<\/span>\n\t\t\t\t\t\t\t\t\t\t\t<\/a>\n\t\t\t\t\t\t\t\t\t<\/li>\n\t\t\t\t\t\t\t\t<li class=\"elementor-icon-list-item\">\n\t\t\t\t\t\t\t\t\t\t\t<a href=\"https:\/\/inclusivecourts.pt\/wp-content\/uploads\/2025\/04\/Jeronimo-Patricia-Integracao-de-imigrantes-e-ensino-do-Portugues.pdf\" target=\"_blank\">\n\n\t\t\t\t\t\t\t\t\t\t\t\t<span class=\"elementor-icon-list-icon\">\n\t\t\t\t\t\t\t<i aria-hidden=\"true\" class=\"fas fa-book-open\"><\/i>\t\t\t\t\t\t<\/span>\n\t\t\t\t\t\t\t\t\t\t<span class=\"elementor-icon-list-text\">Jer\u00f3nimo, Patr\u00edcia, \u201cIntegra\u00e7\u00e3o de imigrantes e acesso ao ensino do Portugu\u00eas como L\u00edngua Estrangeira em Portugal: O que h\u00e1 de novo no Plano Estrat\u00e9gico para 2024-2027?\u201d [Immigrant integration and teaching of Portuguese as a foreign language in Portugal], in Jefferson Evaristo et al. (eds.), L\u00edngua Portuguesa e Internacionaliza\u00e7\u00e3o: Aspectos Plurais, S\u00e3o Carlos, Pedro &amp; Jo\u00e3o Editores, 2025, pp. 241-266.<\/span>\n\t\t\t\t\t\t\t\t\t\t\t<\/a>\n\t\t\t\t\t\t\t\t\t<\/li>\n\t\t\t\t\t\t\t\t<li class=\"elementor-icon-list-item\">\n\t\t\t\t\t\t\t\t\t\t\t<a href=\"https:\/\/inclusivecourts.pt\/wp-content\/uploads\/2025\/01\/Jeronimo-Patricia-Minorias_Dicionario-Valores-Europeus.pdf\" target=\"_blank\">\n\n\t\t\t\t\t\t\t\t\t\t\t\t<span class=\"elementor-icon-list-icon\">\n\t\t\t\t\t\t\t<i aria-hidden=\"true\" class=\"fas fa-book-open\"><\/i>\t\t\t\t\t\t<\/span>\n\t\t\t\t\t\t\t\t\t\t<span class=\"elementor-icon-list-text\">Jer\u00f3nimo, Patr\u00edcia, Minorias [Minorities], in Isabel Baltazar &amp; F\u00e1tima Pacheco (eds.), Dicion\u00e1rio dos Valores e Cidadania Europeia, Lisboa, Petrony, 2025, pp. 462-468.<\/span>\n\t\t\t\t\t\t\t\t\t\t\t<\/a>\n\t\t\t\t\t\t\t\t\t<\/li>\n\t\t\t\t\t\t\t\t<li class=\"elementor-icon-list-item\">\n\t\t\t\t\t\t\t\t\t\t\t<a href=\"https:\/\/inclusivecourts.pt\/wp-content\/uploads\/2025\/01\/Jeronimo-Patricia-Liberdade-de-imprensa-e-discurso-de-odio.pdf\" target=\"_blank\">\n\n\t\t\t\t\t\t\t\t\t\t\t\t<span class=\"elementor-icon-list-icon\">\n\t\t\t\t\t\t\t<i aria-hidden=\"true\" class=\"fas fa-book-open\"><\/i>\t\t\t\t\t\t<\/span>\n\t\t\t\t\t\t\t\t\t\t<span class=\"elementor-icon-list-text\">Jer\u00f3nimo, Patr\u00edcia, Liberdade de imprensa e \u2018discurso de \u00f3dio\u2019 contra minorias \u00e9tnico-raciais e\/ou religiosas [Freedom of the press and \u2018hate speech\u2019 against ethno-racial and\/or religious minorities], in Paulo Pinto Albuquerque et al. (eds.), Liberdade de Imprensa em Portugal e na Europa, Lisboa, UCP Editora, 2024, pp. 545-557.<\/span>\n\t\t\t\t\t\t\t\t\t\t\t<\/a>\n\t\t\t\t\t\t\t\t\t<\/li>\n\t\t\t\t\t\t\t\t<li class=\"elementor-icon-list-item\">\n\t\t\t\t\t\t\t\t\t\t\t<a href=\"https:\/\/inclusivecourts.pt\/wp-content\/uploads\/2025\/01\/Jeronimo-Patricia-Homenagem-Fernando-Jose-Bronze.pdf\" target=\"_blank\">\n\n\t\t\t\t\t\t\t\t\t\t\t\t<span class=\"elementor-icon-list-icon\">\n\t\t\t\t\t\t\t<i aria-hidden=\"true\" class=\"fas fa-book-open\"><\/i>\t\t\t\t\t\t<\/span>\n\t\t\t\t\t\t\t\t\t\t<span class=\"elementor-icon-list-text\">Jer\u00f3nimo, Patr\u00edcia, Ainda a problem\u00e1tica da reflex\u00e3o jus-comparat\u00edstica: Breves notas sobre cultura e Direito, transplantes jur\u00eddicos e implantes \u00e9tnicos, em di\u00e1logo com Fernando Jos\u00e9 Bronze [Comparative legal research: Culture and law, legal transplants and ethnic implants], in Jos\u00e9 de Faria Costa et al. (coords.), Estudos em Homenagem ao Prof. Doutor Fernando Jos\u00e9 Bronze, Coimbra, Universidade de Coimbra, 2024, pp. 391-419.<\/span>\n\t\t\t\t\t\t\t\t\t\t\t<\/a>\n\t\t\t\t\t\t\t\t\t<\/li>\n\t\t\t\t\t\t\t\t<li class=\"elementor-icon-list-item\">\n\t\t\t\t\t\t\t\t\t\t\t<a href=\"https:\/\/inclusivecourts.pt\/wp-content\/uploads\/2025\/01\/Jeronimo-Patricia-Diversidade-cultural-e-direitos-das-minorias.pdf\" target=\"_blank\">\n\n\t\t\t\t\t\t\t\t\t\t\t\t<span class=\"elementor-icon-list-icon\">\n\t\t\t\t\t\t\t<i aria-hidden=\"true\" class=\"fas fa-book-open\"><\/i>\t\t\t\t\t\t<\/span>\n\t\t\t\t\t\t\t\t\t\t<span class=\"elementor-icon-list-text\">Jer\u00f3nimo, Patr\u00edcia, \u201cDiversidade cultural e direitos das minorias no Direito internacional dos direitos humanos: Teoria e pr\u00e1tica\u201d [Cultural diversity and minority rights in international human rights law: Theory and practice], in Maria de Jesus Cabral et al. (eds.), Diversidade Cultural, Desenvolvimento e Direitos Humanos, Lisboa, Academia das Ci\u00eancias de Lisboa, 2024, pp. 17-41.<\/span>\n\t\t\t\t\t\t\t\t\t\t\t<\/a>\n\t\t\t\t\t\t\t\t\t<\/li>\n\t\t\t\t\t\t\t\t<li class=\"elementor-icon-list-item\">\n\t\t\t\t\t\t\t\t\t\t\t<a href=\"https:\/\/inclusivecourts.pt\/wp-content\/uploads\/2024\/10\/Jeronimo-Patricia-Article-22.pdf\" target=\"_blank\">\n\n\t\t\t\t\t\t\t\t\t\t\t\t<span class=\"elementor-icon-list-icon\">\n\t\t\t\t\t\t\t<i aria-hidden=\"true\" class=\"fas fa-book-open\"><\/i>\t\t\t\t\t\t<\/span>\n\t\t\t\t\t\t\t\t\t\t<span class=\"elementor-icon-list-text\">Jer\u00f3nimo, Patr\u00edcia, \"Article 22\", in Alessandra Silveira et al. (eds.), The Charter of Fundamental Rights of the European Union: A Commentary, Braga, JusGov\/EDUM, 2024, pp. 220-240.<\/span>\n\t\t\t\t\t\t\t\t\t\t\t<\/a>\n\t\t\t\t\t\t\t\t\t<\/li>\n\t\t\t\t\t\t\t\t<li class=\"elementor-icon-list-item\">\n\t\t\t\t\t\t\t\t\t\t\t<a href=\"https:\/\/inclusivecourts.pt\/wp-content\/uploads\/2024\/05\/Jeronimo-Patricia-Liberdade-de-religiao.pdf\" target=\"_blank\">\n\n\t\t\t\t\t\t\t\t\t\t\t\t<span class=\"elementor-icon-list-icon\">\n\t\t\t\t\t\t\t<i aria-hidden=\"true\" class=\"fas fa-book-open\"><\/i>\t\t\t\t\t\t<\/span>\n\t\t\t\t\t\t\t\t\t\t<span class=\"elementor-icon-list-text\">JER\u00d3NIMO, Patr\u00edcia, \"Liberdade de religi\u00e3o\", in Jos\u00e9 Eduardo Franco et al. (coords.), Dignip\u00e9dia Global, 2024, dispon\u00edvel em https:\/\/dignipediaglobal.pt\/dicionario-global\/liberdade-de-religiao.<\/span>\n\t\t\t\t\t\t\t\t\t\t\t<\/a>\n\t\t\t\t\t\t\t\t\t<\/li>\n\t\t\t\t\t\t\t\t<li class=\"elementor-icon-list-item\">\n\t\t\t\t\t\t\t\t\t\t\t<a href=\"https:\/\/inclusivecourts.pt\/wp-content\/uploads\/2024\/04\/Jeronimo-https:\/\/inclusivecourts.pt\/wp-content\/uploads\/2024\/04\/Jeronimo-Patricia-Racismo-e-Xenofobia.pdf\" target=\"_blank\">\n\n\t\t\t\t\t\t\t\t\t\t\t\t<span class=\"elementor-icon-list-icon\">\n\t\t\t\t\t\t\t<i aria-hidden=\"true\" class=\"fas fa-book-open\"><\/i>\t\t\t\t\t\t<\/span>\n\t\t\t\t\t\t\t\t\t\t<span class=\"elementor-icon-list-text\">JER\u00d3NIMO, Patr\u00edcia, \"Racismo e Xenofobia\", in Jos\u00e9 Eduardo Franco et al. (coords.), Dignip\u00e9dia Global, 2024, dispon\u00edvel em https:\/\/dignipediaglobal.pt\/dicionario-global\/racismo-e-xenofobia<\/span>\n\t\t\t\t\t\t\t\t\t\t\t<\/a>\n\t\t\t\t\t\t\t\t\t<\/li>\n\t\t\t\t\t\t\t\t<li class=\"elementor-icon-list-item\">\n\t\t\t\t\t\t\t\t\t\t\t<a href=\"https:\/\/inclusivecourts.pt\/wp-content\/uploads\/2024\/04\/Jeronimo-Patricia-Multiculturalismo.pdf\" target=\"_blank\">\n\n\t\t\t\t\t\t\t\t\t\t\t\t<span class=\"elementor-icon-list-icon\">\n\t\t\t\t\t\t\t<i aria-hidden=\"true\" class=\"fas fa-book-open\"><\/i>\t\t\t\t\t\t<\/span>\n\t\t\t\t\t\t\t\t\t\t<span class=\"elementor-icon-list-text\">JER\u00d3NIMO, Patr\u00edcia, \"Multiculturalismo\", in Jos\u00e9 Eduardo Franco et al. (coords.), Dignip\u00e9dia Global, 2024, dispon\u00edvel em https:\/\/dignipediaglobal.pt\/dicionario-global\/multiculturalismo .<\/span>\n\t\t\t\t\t\t\t\t\t\t\t<\/a>\n\t\t\t\t\t\t\t\t\t<\/li>\n\t\t\t\t\t\t\t\t<li class=\"elementor-icon-list-item\">\n\t\t\t\t\t\t\t\t\t\t\t<a href=\"https:\/\/inclusivecourts.pt\/wp-content\/uploads\/2024\/04\/Jeronimo-Patricia-Minorias-e-Povos-Indigenas.pdf\" target=\"_blank\">\n\n\t\t\t\t\t\t\t\t\t\t\t\t<span class=\"elementor-icon-list-icon\">\n\t\t\t\t\t\t\t<i aria-hidden=\"true\" class=\"fas fa-book-open\"><\/i>\t\t\t\t\t\t<\/span>\n\t\t\t\t\t\t\t\t\t\t<span class=\"elementor-icon-list-text\">JER\u00d3NIMO, Patr\u00edcia, \"Minorias e Povos Ind\u00edgenas\", in Jos\u00e9 Eduardo Franco et al. (coords.), Dignip\u00e9dia Global, 2024, dispon\u00edvel em  https:\/\/dignipediaglobal.pt\/dicionario-global\/minorias-e-povos-autoctones .<\/span>\n\t\t\t\t\t\t\t\t\t\t\t<\/a>\n\t\t\t\t\t\t\t\t\t<\/li>\n\t\t\t\t\t\t\t\t<li class=\"elementor-icon-list-item\">\n\t\t\t\t\t\t\t\t\t\t\t<a href=\"https:\/\/ebooks.uminho.pt\/index.php\/uminho\/catalog\/view\/151\/180\/2975\" target=\"_blank\">\n\n\t\t\t\t\t\t\t\t\t\t\t\t<span class=\"elementor-icon-list-icon\">\n\t\t\t\t\t\t\t<i aria-hidden=\"true\" class=\"fas fa-book-open\"><\/i>\t\t\t\t\t\t<\/span>\n\t\t\t\t\t\t\t\t\t\t<span class=\"elementor-icon-list-text\">JER\u00d3NIMO, Patr\u00edcia, \"Justi\u00e7a inclusiva e diversidade cultural na pr\u00e1tica dos tribunais portugueses: Notas em homenagem a Francisco Salgado Zenha\" [Inclusive justice and cultural diversity in the practice of Portuguese courts: Tribute to Francisco Salgado Zenha], in M\u00e1rio Monte et al. (coords.), Estudos em Comemora\u00e7\u00e3o dos 30 Anos da Escola de Direito da Universidade do Minho, vol. 2, Braga, UMinho Editora, 2023, pp. 185-219.<\/span>\n\t\t\t\t\t\t\t\t\t\t\t<\/a>\n\t\t\t\t\t\t\t\t\t<\/li>\n\t\t\t\t\t\t\t\t<li class=\"elementor-icon-list-item\">\n\t\t\t\t\t\t\t\t\t\t\t<a href=\"http:\/\/hdl.handle.net\/1822\/64711\" target=\"_blank\">\n\n\t\t\t\t\t\t\t\t\t\t\t\t<span class=\"elementor-icon-list-icon\">\n\t\t\t\t\t\t\t<i aria-hidden=\"true\" class=\"fas fa-book-open\"><\/i>\t\t\t\t\t\t<\/span>\n\t\t\t\t\t\t\t\t\t\t<span class=\"elementor-icon-list-text\">Jer\u00f3nimo, Patr\u00edcia, \u201cFeminiza\u00e7\u00e3o das migra\u00e7\u00f5es internacionais e conflu\u00eancia de fatores de vulnerabilidade na condi\u00e7\u00e3o das mulheres migrantes\u201d [Feminization of international migration and intersectionality in condition of migrant women], in Patr\u00edcia Jer\u00f3nimo (coord.), Igualdade de G\u00e9nero: Velhos e Novos Desafios, Braga, DH-CII, 2019, pp. 37-62<\/span>\n\t\t\t\t\t\t\t\t\t\t\t<\/a>\n\t\t\t\t\t\t\t\t\t<\/li>\n\t\t\t\t\t\t\t\t<li class=\"elementor-icon-list-item\">\n\t\t\t\t\t\t\t\t\t\t\t<a href=\"http:\/\/hdl.handle.net\/1822\/63528\" target=\"_blank\">\n\n\t\t\t\t\t\t\t\t\t\t\t\t<span class=\"elementor-icon-list-icon\">\n\t\t\t\t\t\t\t<i aria-hidden=\"true\" class=\"fas fa-book-open\"><\/i>\t\t\t\t\t\t<\/span>\n\t\t\t\t\t\t\t\t\t\t<span class=\"elementor-icon-list-text\">Jer\u00f3nimo, Patr\u00edcia, \u201cN\u00f3s e os outros: Diversidade cultural e religiosa nos marcos das fronteiras\u201d [Us and Them: Cultural and religious diversity as key border markers], in Anabela Costa Le\u00e3o et al. (coords.), N\u00f3s e os Outros: Alteridade, Pol\u00edticas P\u00fablicas e Direito \u2013 Actas do Semin\u00e1rio, Porto, Faculdade de Direito da Universidade do Porto, 2019, pp. 41-54. <\/span>\n\t\t\t\t\t\t\t\t\t\t\t<\/a>\n\t\t\t\t\t\t\t\t\t<\/li>\n\t\t\t\t\t\t\t\t<li class=\"elementor-icon-list-item\">\n\t\t\t\t\t\t\t\t\t\t\t<a href=\"https:\/\/inclusivecourts.pt\/wp-content\/uploads\/2022\/12\/Jeronimo-Patricia-O-recurso-ao-principio-da-dignidade-da-pessoa-humana-na-jurisprudencia-multicultural.pdf\" target=\"_blank\">\n\n\t\t\t\t\t\t\t\t\t\t\t\t<span class=\"elementor-icon-list-icon\">\n\t\t\t\t\t\t\t<i aria-hidden=\"true\" class=\"fas fa-book-open\"><\/i>\t\t\t\t\t\t<\/span>\n\t\t\t\t\t\t\t\t\t\t<span class=\"elementor-icon-list-text\">Jer\u00f3nimo, Patr\u00edcia, \u201cO recurso ao princ\u00edpio da dignidade da pessoa humana na jurisprud\u00eancia multicultural do Tribunal Constitucional portugu\u00eas\u201d [The principle of human dignity in the multicultural jurisprudence of the Portuguese Constitutional Court], in A. Sofia Pinto Oliveira &amp; Patr\u00edcia Jer\u00f3nimo (eds.), Liber Amicorum Benedita Mac Crorie, vol. II, Braga, UMinho Editora, 2022, pp. 331-379.<\/span>\n\t\t\t\t\t\t\t\t\t\t\t<\/a>\n\t\t\t\t\t\t\t\t\t<\/li>\n\t\t\t\t\t\t\t\t<li class=\"elementor-icon-list-item\">\n\t\t\t\t\t\t\t\t\t\t\t<a href=\"https:\/\/inclusivecourts.pt\/wp-content\/uploads\/2022\/01\/JERONIMO-P-CUNHA-MI-A-jurisprudencia-multicultural-dos-tribunais-portugueses.pdf\" target=\"_blank\">\n\n\t\t\t\t\t\t\t\t\t\t\t\t<span class=\"elementor-icon-list-icon\">\n\t\t\t\t\t\t\t<i aria-hidden=\"true\" class=\"fas fa-book-open\"><\/i>\t\t\t\t\t\t<\/span>\n\t\t\t\t\t\t\t\t\t\t<span class=\"elementor-icon-list-text\">Jer\u00f3nimo, Patr\u00edcia, &amp; Cunha, Manuela Ivone, \u201cA jurisprud\u00eancia multicultural dos tribunais portugueses\u201d [The multicultural jurisprudence of Portuguese courts], in AAVV, Multiculturalidade e Direito, Lisboa, Centro de Estudos Judici\u00e1rios, Cole\u00e7\u00e3o Forma\u00e7\u00e3o Cont\u00ednua, 2022, pp. 41-73.<\/span>\n\t\t\t\t\t\t\t\t\t\t\t<\/a>\n\t\t\t\t\t\t\t\t\t<\/li>\n\t\t\t\t\t\t\t\t<li class=\"elementor-icon-list-item\">\n\t\t\t\t\t\t\t\t\t\t\t<a href=\"https:\/\/inclusivecourts.pt\/wp-content\/uploads\/2023\/12\/JERONIMOCUNHA-La-jurisprudencia-multicultural.pdf\" target=\"_blank\">\n\n\t\t\t\t\t\t\t\t\t\t\t\t<span class=\"elementor-icon-list-icon\">\n\t\t\t\t\t\t\t<i aria-hidden=\"true\" class=\"fas fa-book-open\"><\/i>\t\t\t\t\t\t<\/span>\n\t\t\t\t\t\t\t\t\t\t<span class=\"elementor-icon-list-text\">JER\u00d3NIMO, Patr\u00edcia, e CUNHA, Manuela Ivone, \u201cLa jurisprudencia multicultural de los tribunales portugueses\u201d [The multicultural jurisprudence of Portuguese courts], in Maria Virginia Lorena Ossio Bustillos (coord.), Jurisprudencia Constitucional Plurinacional y Jurisprudencia Multicultural: Documentos de Consulta del Proyecto Prestaciones Sociales para los Pueblos Ind\u00edgneas en Am\u00e9rica Latina, La Paz, Editora Presencia, 2023, pp. 77-126.<\/span>\n\t\t\t\t\t\t\t\t\t\t\t<\/a>\n\t\t\t\t\t\t\t\t\t<\/li>\n\t\t\t\t\t\t\t\t<li class=\"elementor-icon-list-item\">\n\t\t\t\t\t\t\t\t\t\t\t<a href=\"https:\/\/inclusivecourts.pt\/wp-content\/uploads\/2020\/11\/JER\u00d3NIMOGRANJA-Minorias-nacionais-\u00e9tnicas-religiosas-ou-lingu\u00edsticas.pdf\" target=\"_blank\">\n\n\t\t\t\t\t\t\t\t\t\t\t\t<span class=\"elementor-icon-list-icon\">\n\t\t\t\t\t\t\t<i aria-hidden=\"true\" class=\"fas fa-book-open\"><\/i>\t\t\t\t\t\t<\/span>\n\t\t\t\t\t\t\t\t\t\t<span class=\"elementor-icon-list-text\">Jer\u00f3nimo, Patr\u00edcia, e Granja, In\u00eas, \"Minorias nacionais, \u00e9tnicas, religiosas ou lingu\u00edsticas\u201d [National, ethnic, religious or linguistic minorities], in Paulo Pinto de Albuquerque (org.), Coment\u00e1rio da Conven\u00e7\u00e3o Europeia dos Direitos Humanos e dos Protocolos Adicionais, vol. III, Lisboa, Universidade Cat\u00f3lica Editora, 2020, pp. 2969-3003.<\/span>\n\t\t\t\t\t\t\t\t\t\t\t<\/a>\n\t\t\t\t\t\t\t\t\t<\/li>\n\t\t\t\t\t\t\t\t<li class=\"elementor-icon-list-item\">\n\t\t\t\t\t\t\t\t\t\t\t<a href=\"http:\/\/inclusivecourts.pt\/wp-content\/uploads\/2020\/04\/MOREIRA-Teresa-Coelho-A-concilia\u00e7\u00e3o-entre-a-vida-profissional....pdf\" target=\"_blank\">\n\n\t\t\t\t\t\t\t\t\t\t\t\t<span class=\"elementor-icon-list-icon\">\n\t\t\t\t\t\t\t<i aria-hidden=\"true\" class=\"fas fa-book-open\"><\/i>\t\t\t\t\t\t<\/span>\n\t\t\t\t\t\t\t\t\t\t<span class=\"elementor-icon-list-text\">Moreira, Teresa Coelho, \u201cA concilia\u00e7\u00e3o entre a vida profissional e a vida pessoal e familiar\u201d [Balance between professional and family\/personal lives], in Patr\u00edcia Jer\u00f3nimo (coord.), Igualdade de G\u00e9nero: Velhos e Novos Desafios, Braga, DH-CII, 2019, pp. 139-169. <\/span>\n\t\t\t\t\t\t\t\t\t\t\t<\/a>\n\t\t\t\t\t\t\t\t\t<\/li>\n\t\t\t\t\t\t\t\t<li class=\"elementor-icon-list-item\">\n\t\t\t\t\t\t\t\t\t\t\t<a href=\"https:\/\/inclusivecourts.pt\/wp-content\/uploads\/2025\/01\/Oliveira-A.-Sofia-Pinto-Asilo_Dicionario-Valores-Europeus.pdf\" target=\"_blank\">\n\n\t\t\t\t\t\t\t\t\t\t\t\t<span class=\"elementor-icon-list-icon\">\n\t\t\t\t\t\t\t<i aria-hidden=\"true\" class=\"fas fa-book-open\"><\/i>\t\t\t\t\t\t<\/span>\n\t\t\t\t\t\t\t\t\t\t<span class=\"elementor-icon-list-text\">Oliveira, A. Sofia Pinto, Asilo [Asylum], in Isabel Baltazar &amp; F\u00e1tima Pacheco (eds.), Dicion\u00e1rio dos Valores e Cidadania Europeia, Lisboa, Petrony, 2025, pp. 39-44. <\/span>\n\t\t\t\t\t\t\t\t\t\t\t<\/a>\n\t\t\t\t\t\t\t\t\t<\/li>\n\t\t\t\t\t\t\t\t<li class=\"elementor-icon-list-item\">\n\t\t\t\t\t\t\t\t\t\t\t<a href=\"http:\/\/inclusivecourts.pt\/wp-content\/uploads\/2020\/04\/ROCHA-Miriam-Cuidado_Quanto-custa-o-que-n\u00e3o-tem-pre\u00e7o.pdf\" target=\"_blank\">\n\n\t\t\t\t\t\t\t\t\t\t\t\t<span class=\"elementor-icon-list-icon\">\n\t\t\t\t\t\t\t<i aria-hidden=\"true\" class=\"fas fa-book-open\"><\/i>\t\t\t\t\t\t<\/span>\n\t\t\t\t\t\t\t\t\t\t<span class=\"elementor-icon-list-text\">Rocha, Miriam, \u201cCuidado: Quanto custa o que n\u00e3o tem pre\u00e7o?\u201d [Care: What\u2019s the cost of that which does not have a price?], in Patr\u00edcia Jer\u00f3nimo (coord.), Igualdade de G\u00e9nero: Velhos e Novos Desafios, Braga, DH-CII, 2019, pp. 171-182. <\/span>\n\t\t\t\t\t\t\t\t\t\t\t<\/a>\n\t\t\t\t\t\t\t\t\t<\/li>\n\t\t\t\t\t\t<\/ul>\n\t\t\t\t\t\t<\/div>\n\t\t\t\t<\/div>\n\t\t\t\t\t<\/div>\n\t\t<\/div>\n\t\t\t\t\t<\/div>\n\t\t<\/section>\n\t\t\t\t<\/div>\n\t\t","protected":false},"excerpt":{"rendered":"<p>Livros e cap\u00edtulos de livros publicados no \u00e2mbito do projeto InclusiveCourts. Dias, Cristina, \u201cEjercicio conjunto de las responsabilidades parentales en casos de divorcio o ruptura de la uni\u00f3n de hecho y resid\u00eancia alterna\u201d [Joint exercise of parental responsibilities in case of divorce, separation and alternate residence], in Esther Pillado Gonz\u00e1lez (dir.) e Lydia Noriega Rodr\u00edguez&hellip;<\/p>\n","protected":false},"author":1,"featured_media":0,"parent":0,"menu_order":0,"comment_status":"closed","ping_status":"closed","template":"","meta":{"footnotes":""},"class_list":["post-1507","page","type-page","status-publish","hentry"],"_links":{"self":[{"href":"https:\/\/inclusivecourts.pt\/en\/wp-json\/wp\/v2\/pages\/1507","targetHints":{"allow":["GET"]}}],"collection":[{"href":"https:\/\/inclusivecourts.pt\/en\/wp-json\/wp\/v2\/pages"}],"about":[{"href":"https:\/\/inclusivecourts.pt\/en\/wp-json\/wp\/v2\/types\/page"}],"author":[{"embeddable":true,"href":"https:\/\/inclusivecourts.pt\/en\/wp-json\/wp\/v2\/users\/1"}],"replies":[{"embeddable":true,"href":"https:\/\/inclusivecourts.pt\/en\/wp-json\/wp\/v2\/comments?post=1507"}],"version-history":[{"count":73,"href":"https:\/\/inclusivecourts.pt\/en\/wp-json\/wp\/v2\/pages\/1507\/revisions"}],"predecessor-version":[{"id":3185,"href":"https:\/\/inclusivecourts.pt\/en\/wp-json\/wp\/v2\/pages\/1507\/revisions\/3185"}],"wp:attachment":[{"href":"https:\/\/inclusivecourts.pt\/en\/wp-json\/wp\/v2\/media?parent=1507"}],"curies":[{"name":"wp","href":"https:\/\/api.w.org\/{rel}","templated":true}]}}