{"id":1212,"date":"2021-04-12T15:32:36","date_gmt":"2021-04-12T15:32:36","guid":{"rendered":"http:\/\/inclusivecourts.pt\/?page_id=1212"},"modified":"2021-04-12T15:35:07","modified_gmt":"2021-04-12T15:35:07","slug":"noticia29","status":"publish","type":"page","link":"https:\/\/inclusivecourts.pt\/en\/noticia29\/","title":{"rendered":"Fernando Ferreira Alves and Patr\u00edcia Jer\u00f3nimo take part in the seminar Humanity\/Humanities on the Move"},"content":{"rendered":"<div data-elementor-type=\"wp-page\" data-elementor-id=\"1212\" class=\"elementor elementor-1212\" data-elementor-post-type=\"page\">\n\t\t\t\t\t\t<section class=\"elementor-section elementor-top-section elementor-element elementor-element-b3b27e8 elementor-section-boxed elementor-section-height-default elementor-section-height-default\" data-id=\"b3b27e8\" data-element_type=\"section\" data-e-type=\"section\">\n\t\t\t\t\t\t<div class=\"elementor-container elementor-column-gap-default\">\n\t\t\t\t\t<div class=\"elementor-column elementor-col-100 elementor-top-column elementor-element elementor-element-950192f\" data-id=\"950192f\" data-element_type=\"column\" data-e-type=\"column\">\n\t\t\t<div class=\"elementor-widget-wrap elementor-element-populated\">\n\t\t\t\t\t\t<div class=\"elementor-element elementor-element-6ffdbba elementor-widget elementor-widget-text-editor\" data-id=\"6ffdbba\" data-element_type=\"widget\" data-e-type=\"widget\" data-widget_type=\"text-editor.default\">\n\t\t\t\t<div class=\"elementor-widget-container\">\n\t\t\t\t\t\t\t\t\t<p class=\"translation-block\"><strong>Fernando Ferreira Alves and Patr\u00edcia Jer\u00f3nimo take part in the seminar <em>Humanity\/Humanities on the Move<\/em><\/strong><\/p>\t\t\t\t\t\t\t\t<\/div>\n\t\t\t\t<\/div>\n\t\t\t\t<div class=\"elementor-element elementor-element-452dbed elementor-widget elementor-widget-text-editor\" data-id=\"452dbed\" data-element_type=\"widget\" data-e-type=\"widget\" data-widget_type=\"text-editor.default\">\n\t\t\t\t<div class=\"elementor-widget-container\">\n\t\t\t\t\t\t\t\t\t<p>Os investigadores Fernando Ferreira Alves e Patr\u00edcia Jer\u00f3nimo intervieram como oradores no col\u00f3quio <em>Humanity\/Humanities on the Move<\/em>, que foi organizado pelo grupo EHum2M (Humanistic Studies on Migrations &amp; Marginalization) do Centro de Estudos Human\u00edsticos da Universidade do Minho (CEHUM) e decorreu online nos dias 8 e 9 de abril de 2021. Foram apresentados 18 projetos\/redes nacionais e internacionais \u2013 incluindo o projeto InclusiveCourts \u2013 e discutidas vias de as Humidades assumirem um posicionamento interventivo perante o desafio global representado pelas migra\u00e7\u00f5es. O col\u00f3quio est\u00e1 relacionado com o congresso hom\u00f3nimo, adiado para 2022, e com a componente &#8220;Migra\u00e7\u00e3o e Diversidade&#8221;, da Confer\u00eancia Europeia das Humanidades (EHC), que ter\u00e1 lugar de 5 a 7 de maio de 2021.\u00a0<\/p>\t\t\t\t\t\t\t\t<\/div>\n\t\t\t\t<\/div>\n\t\t\t\t<section class=\"elementor-section elementor-inner-section elementor-element elementor-element-fa5e046 elementor-section-boxed elementor-section-height-default elementor-section-height-default\" data-id=\"fa5e046\" data-element_type=\"section\" data-e-type=\"section\">\n\t\t\t\t\t\t<div class=\"elementor-container elementor-column-gap-default\">\n\t\t\t\t\t<div class=\"elementor-column elementor-col-100 elementor-inner-column elementor-element elementor-element-e78e9d9 elementor-invisible\" data-id=\"e78e9d9\" data-element_type=\"column\" data-e-type=\"column\" data-settings=\"{&quot;animation&quot;:&quot;fadeInDown&quot;}\">\n\t\t\t<div class=\"elementor-widget-wrap elementor-element-populated\">\n\t\t\t\t\t\t<div class=\"elementor-element elementor-element-3206b8e elementor-widget elementor-widget-image\" data-id=\"3206b8e\" data-element_type=\"widget\" data-e-type=\"widget\" data-settings=\"{&quot;_animation&quot;:&quot;none&quot;}\" data-widget_type=\"image.default\">\n\t\t\t\t<div class=\"elementor-widget-container\">\n\t\t\t\t\t\t\t\t\t\t\t\t\t\t\t<img fetchpriority=\"high\" decoding=\"async\" width=\"768\" height=\"345\" src=\"https:\/\/inclusivecourts.pt\/wp-content\/uploads\/2021\/04\/Humanities-on-the-move-768x345.png\" class=\"elementor-animation-grow attachment-medium_large size-medium_large wp-image-1214\" alt=\"\" srcset=\"https:\/\/inclusivecourts.pt\/wp-content\/uploads\/2021\/04\/Humanities-on-the-move-768x345.png 768w, https:\/\/inclusivecourts.pt\/wp-content\/uploads\/2021\/04\/Humanities-on-the-move-300x135.png 300w, https:\/\/inclusivecourts.pt\/wp-content\/uploads\/2021\/04\/Humanities-on-the-move-1024x460.png 1024w, https:\/\/inclusivecourts.pt\/wp-content\/uploads\/2021\/04\/Humanities-on-the-move-16x7.png 16w, https:\/\/inclusivecourts.pt\/wp-content\/uploads\/2021\/04\/Humanities-on-the-move.png 1124w\" sizes=\"(max-width: 768px) 100vw, 768px\" \/>\t\t\t\t\t\t\t\t\t\t\t\t\t\t\t<\/div>\n\t\t\t\t<\/div>\n\t\t\t\t\t<\/div>\n\t\t<\/div>\n\t\t\t\t\t<\/div>\n\t\t<\/section>\n\t\t\t\t\t<\/div>\n\t\t<\/div>\n\t\t\t\t\t<\/div>\n\t\t<\/section>\n\t\t\t\t<\/div>","protected":false},"excerpt":{"rendered":"<p>Fernando Ferreira Alves e Patr\u00edcia Jer\u00f3nimo participam no col\u00f3quio Humanity\/Humanities on the Move Os investigadores Fernando Ferreira Alves e Patr\u00edcia Jer\u00f3nimo intervieram como oradores no col\u00f3quio Humanity\/Humanities on the Move, que foi organizado pelo grupo EHum2M (Humanistic Studies on Migrations &amp; Marginalization) do Centro de Estudos Human\u00edsticos da Universidade do Minho (CEHUM) e decorreu online&hellip;<\/p>","protected":false},"author":1,"featured_media":0,"parent":0,"menu_order":0,"comment_status":"closed","ping_status":"closed","template":"","meta":{"footnotes":""},"class_list":["post-1212","page","type-page","status-publish","hentry"],"_links":{"self":[{"href":"https:\/\/inclusivecourts.pt\/en\/wp-json\/wp\/v2\/pages\/1212","targetHints":{"allow":["GET"]}}],"collection":[{"href":"https:\/\/inclusivecourts.pt\/en\/wp-json\/wp\/v2\/pages"}],"about":[{"href":"https:\/\/inclusivecourts.pt\/en\/wp-json\/wp\/v2\/types\/page"}],"author":[{"embeddable":true,"href":"https:\/\/inclusivecourts.pt\/en\/wp-json\/wp\/v2\/users\/1"}],"replies":[{"embeddable":true,"href":"https:\/\/inclusivecourts.pt\/en\/wp-json\/wp\/v2\/comments?post=1212"}],"version-history":[{"count":0,"href":"https:\/\/inclusivecourts.pt\/en\/wp-json\/wp\/v2\/pages\/1212\/revisions"}],"wp:attachment":[{"href":"https:\/\/inclusivecourts.pt\/en\/wp-json\/wp\/v2\/media?parent=1212"}],"curies":[{"name":"wp","href":"https:\/\/api.w.org\/{rel}","templated":true}]}}