{"id":1166,"date":"2021-03-09T17:57:40","date_gmt":"2021-03-09T17:57:40","guid":{"rendered":"http:\/\/inclusivecourts.pt\/?page_id=1166"},"modified":"2021-03-09T18:00:00","modified_gmt":"2021-03-09T18:00:00","slug":"noticia27","status":"publish","type":"page","link":"https:\/\/inclusivecourts.pt\/en\/noticia27\/","title":{"rendered":"Patr\u00edcia Jer\u00f3nimo is one of the 101 national women researchers represented in the volume Women in Science 2021"},"content":{"rendered":"<div data-elementor-type=\"wp-page\" data-elementor-id=\"1166\" class=\"elementor elementor-1166\" data-elementor-post-type=\"page\">\n\t\t\t\t\t\t<section class=\"elementor-section elementor-top-section elementor-element elementor-element-b3b27e8 elementor-section-boxed elementor-section-height-default elementor-section-height-default\" data-id=\"b3b27e8\" data-element_type=\"section\" data-e-type=\"section\">\n\t\t\t\t\t\t<div class=\"elementor-container elementor-column-gap-default\">\n\t\t\t\t\t<div class=\"elementor-column elementor-col-100 elementor-top-column elementor-element elementor-element-950192f\" data-id=\"950192f\" data-element_type=\"column\" data-e-type=\"column\">\n\t\t\t<div class=\"elementor-widget-wrap elementor-element-populated\">\n\t\t\t\t\t\t<div class=\"elementor-element elementor-element-6ffdbba elementor-widget elementor-widget-text-editor\" data-id=\"6ffdbba\" data-element_type=\"widget\" data-e-type=\"widget\" data-widget_type=\"text-editor.default\">\n\t\t\t\t<div class=\"elementor-widget-container\">\n\t\t\t\t\t\t\t\t\t<p><strong>Patr\u00edcia Jer\u00f3nimo is one of the 101 national women researchers represented in the volume Women in Science 2021 <\/strong><\/p>\t\t\t\t\t\t\t\t<\/div>\n\t\t\t\t<\/div>\n\t\t\t\t<div class=\"elementor-element elementor-element-452dbed elementor-widget elementor-widget-text-editor\" data-id=\"452dbed\" data-element_type=\"widget\" data-e-type=\"widget\" data-widget_type=\"text-editor.default\">\n\t\t\t\t<div class=\"elementor-widget-container\">\n\t\t\t\t\t\t\t\t\t<p class=\"translation-block\">The new edition of the book Women in Science, published by Ci\u00eancia Viva, National Agency for Scientific and Technological Culture, was presented on March 8 2021. This volume brings together more than a hundred portraits of Portuguese women researchers who stood out, in different research domains, in the national scientific system.<\/p><p class=\"translation-block\">The book launch was broadcast live from Ci\u00eancia Viva\u2019s YouTube channel with the participation of Manuel Heitor, Minister for Science, Technology and Higher Education.<\/p>\t\t\t\t\t\t\t\t<\/div>\n\t\t\t\t<\/div>\n\t\t\t\t<section class=\"elementor-section elementor-inner-section elementor-element elementor-element-fa5e046 elementor-section-boxed elementor-section-height-default elementor-section-height-default\" data-id=\"fa5e046\" data-element_type=\"section\" data-e-type=\"section\">\n\t\t\t\t\t\t<div class=\"elementor-container elementor-column-gap-default\">\n\t\t\t\t\t<div class=\"elementor-column elementor-col-100 elementor-inner-column elementor-element elementor-element-e78e9d9 elementor-invisible\" data-id=\"e78e9d9\" data-element_type=\"column\" data-e-type=\"column\" data-settings=\"{&quot;animation&quot;:&quot;fadeInDown&quot;}\">\n\t\t\t<div class=\"elementor-widget-wrap elementor-element-populated\">\n\t\t\t\t\t\t<div class=\"elementor-element elementor-element-3206b8e elementor-widget elementor-widget-image\" data-id=\"3206b8e\" data-element_type=\"widget\" data-e-type=\"widget\" data-settings=\"{&quot;_animation&quot;:&quot;none&quot;}\" data-widget_type=\"image.default\">\n\t\t\t\t<div class=\"elementor-widget-container\">\n\t\t\t\t\t\t\t\t\t\t\t\t\t\t\t<img fetchpriority=\"high\" decoding=\"async\" width=\"768\" height=\"270\" src=\"https:\/\/inclusivecourts.pt\/wp-content\/uploads\/2021\/03\/Img_Noticia27-768x270.jpg\" class=\"elementor-animation-grow attachment-medium_large size-medium_large wp-image-1168\" alt=\"\" srcset=\"https:\/\/inclusivecourts.pt\/wp-content\/uploads\/2021\/03\/Img_Noticia27-768x270.jpg 768w, https:\/\/inclusivecourts.pt\/wp-content\/uploads\/2021\/03\/Img_Noticia27-300x105.jpg 300w, https:\/\/inclusivecourts.pt\/wp-content\/uploads\/2021\/03\/Img_Noticia27-1024x360.jpg 1024w, https:\/\/inclusivecourts.pt\/wp-content\/uploads\/2021\/03\/Img_Noticia27-1536x540.jpg 1536w, https:\/\/inclusivecourts.pt\/wp-content\/uploads\/2021\/03\/Img_Noticia27-16x6.jpg 16w, https:\/\/inclusivecourts.pt\/wp-content\/uploads\/2021\/03\/Img_Noticia27.jpg 1701w\" sizes=\"(max-width: 768px) 100vw, 768px\" \/>\t\t\t\t\t\t\t\t\t\t\t\t\t\t\t<\/div>\n\t\t\t\t<\/div>\n\t\t\t\t\t<\/div>\n\t\t<\/div>\n\t\t\t\t\t<\/div>\n\t\t<\/section>\n\t\t\t\t\t<\/div>\n\t\t<\/div>\n\t\t\t\t\t<\/div>\n\t\t<\/section>\n\t\t\t\t<\/div>","protected":false},"excerpt":{"rendered":"<p>Patr\u00edcia Jer\u00f3nimo \u00e9 uma das 101 investigadoras nacionais representadas no livro Mulheres na Ci\u00eancia 2021 Teve lugar, no dia 8 de mar\u00e7o de 2021, a apresenta\u00e7\u00e3o da nova edi\u00e7\u00e3o do livro Mulheres na Ci\u00eancia, promovida pela Ci\u00eancia Viva. Este volume re\u00fane mais de uma centena de retratos de investigadoras portuguesas que se destacaram, em diferentes&hellip;<\/p>","protected":false},"author":1,"featured_media":0,"parent":0,"menu_order":0,"comment_status":"closed","ping_status":"closed","template":"","meta":{"footnotes":""},"class_list":["post-1166","page","type-page","status-publish","hentry"],"_links":{"self":[{"href":"https:\/\/inclusivecourts.pt\/en\/wp-json\/wp\/v2\/pages\/1166","targetHints":{"allow":["GET"]}}],"collection":[{"href":"https:\/\/inclusivecourts.pt\/en\/wp-json\/wp\/v2\/pages"}],"about":[{"href":"https:\/\/inclusivecourts.pt\/en\/wp-json\/wp\/v2\/types\/page"}],"author":[{"embeddable":true,"href":"https:\/\/inclusivecourts.pt\/en\/wp-json\/wp\/v2\/users\/1"}],"replies":[{"embeddable":true,"href":"https:\/\/inclusivecourts.pt\/en\/wp-json\/wp\/v2\/comments?post=1166"}],"version-history":[{"count":0,"href":"https:\/\/inclusivecourts.pt\/en\/wp-json\/wp\/v2\/pages\/1166\/revisions"}],"wp:attachment":[{"href":"https:\/\/inclusivecourts.pt\/en\/wp-json\/wp\/v2\/media?parent=1166"}],"curies":[{"name":"wp","href":"https:\/\/api.w.org\/{rel}","templated":true}]}}